{"id":6058,"date":"2023-02-08T23:06:36","date_gmt":"2023-02-08T23:06:36","guid":{"rendered":"https:\/\/inclusionsinlimitaciones.cl\/?page_id=6058"},"modified":"2023-02-08T23:18:45","modified_gmt":"2023-02-08T23:18:45","slug":"pc2","status":"publish","type":"page","link":"https:\/\/inclusionsinlimitaciones.cl\/index.php\/pc2\/","title":{"rendered":"Proyecto Cerrado N\u00b02"},"content":{"rendered":"\t\t<div data-elementor-type=\"wp-page\" data-elementor-id=\"6058\" class=\"elementor elementor-6058\">\n\t\t\t\t\t\t<section class=\"elementor-section elementor-top-section elementor-element elementor-element-55cc07b elementor-section-boxed elementor-section-height-default elementor-section-height-default\" data-id=\"55cc07b\" data-element_type=\"section\">\n\t\t\t\t\t\t<div class=\"elementor-container elementor-column-gap-default\">\n\t\t\t\t\t<div class=\"elementor-column elementor-col-100 elementor-top-column elementor-element elementor-element-0e3cf8f\" data-id=\"0e3cf8f\" data-element_type=\"column\">\n\t\t\t<div class=\"elementor-widget-wrap elementor-element-populated\">\n\t\t\t\t\t\t\t<\/div>\n\t\t<\/div>\n\t\t\t\t\t<\/div>\n\t\t<\/section>\n\t\t\t\t<section class=\"elementor-section elementor-top-section elementor-element elementor-element-5608a66 elementor-section-boxed elementor-section-height-default elementor-section-height-default\" data-id=\"5608a66\" data-element_type=\"section\">\n\t\t\t\t\t\t<div class=\"elementor-container elementor-column-gap-default\">\n\t\t\t\t\t<div class=\"elementor-column elementor-col-100 elementor-top-column elementor-element elementor-element-1dc4805\" data-id=\"1dc4805\" data-element_type=\"column\">\n\t\t\t<div class=\"elementor-widget-wrap elementor-element-populated\">\n\t\t\t\t\t\t<div class=\"elementor-element elementor-element-9ae2713 elementor-widget elementor-widget-text-editor\" data-id=\"9ae2713\" data-element_type=\"widget\" data-widget_type=\"text-editor.default\">\n\t\t\t\t<div class=\"elementor-widget-container\">\n\t\t\t\t\t\t\t\t\t<p><span style=\"color: #000000;\"><span style=\"white-space: pre-wrap;\"><b>FONDO FOMENTO DE FORTALECIMIENTO DE LAS ORGANIZACIONES DE INTER\u00c9S P\u00daBLICO (FFOIP) 2021<\/b><\/span><\/span><\/p><p><span style=\"color: #000000;\"><span style=\"white-space: pre-wrap;\"><b>El Ministerio Secretar\u00eda General de Gobierno (SEGEGOB), convoc\u00f3 al Concurso: Fondo de Fortalecimiento de las Organizaciones de Inter\u00e9s P\u00fablico (FFOIP) en el a\u00f1o 2021, Corporaci\u00f3n Apertura para el Ma\u00f1ana fue seleccionada y adjudicada de este fondo.<\/b><\/span><\/span><b style=\"font-family: inherit; font-style: inherit; white-space: pre-wrap; color: #000000;\"><br \/><\/b><\/p><p><span style=\"color: #000000;\"><span style=\"white-space: pre-wrap;\"><b>La tem\u00e1tica del proyecto se enmarc\u00f3, en concientizar a la comunidad sobre COVID-19, por tanto el objetivo desarrollado fue aplicar saberes y pr\u00e1cticas relevantes para la prevenci\u00f3n del contagio y propagaci\u00f3n del coronavirus SARS COV2, de manera que las personas en situaci\u00f3n de discapacidad intelectual sean actores activos en la contenci\u00f3n de la Pandemia.<\/b><\/span><\/span><b style=\"font-family: inherit; font-style: inherit; white-space: pre-wrap; color: #000000;\"> <\/b><\/p><p><b style=\"font-family: inherit; font-style: inherit; white-space: pre-wrap; color: #000000;\">\u00a0<\/b><\/p><p>\u00a0<\/p>\t\t\t\t\t\t\t\t<\/div>\n\t\t\t\t<\/div>\n\t\t\t\t<div class=\"elementor-element elementor-element-775a187 elementor-arrows-position-outside elementor-widget__width-inherit elementor-pagination-position-outside elementor-widget elementor-widget-image-carousel\" data-id=\"775a187\" data-element_type=\"widget\" data-settings=\"{&quot;slides_to_show&quot;:&quot;1&quot;,&quot;navigation&quot;:&quot;both&quot;,&quot;autoplay&quot;:&quot;yes&quot;,&quot;pause_on_hover&quot;:&quot;yes&quot;,&quot;pause_on_interaction&quot;:&quot;yes&quot;,&quot;autoplay_speed&quot;:5000,&quot;infinite&quot;:&quot;yes&quot;,&quot;effect&quot;:&quot;slide&quot;,&quot;speed&quot;:500}\" data-widget_type=\"image-carousel.default\">\n\t\t\t\t<div class=\"elementor-widget-container\">\n\t\t\t\t\t\t\t<div class=\"elementor-image-carousel-wrapper swiper\" role=\"region\" aria-roledescription=\"carousel\" aria-label=\"Carrusel de im\u00e1genes\" dir=\"ltr\">\n\t\t\t<div class=\"elementor-image-carousel swiper-wrapper\" aria-live=\"off\">\n\t\t\t\t\t\t\t\t<div class=\"swiper-slide\" role=\"group\" aria-roledescription=\"slide\" aria-label=\"1 de 1\"><figure class=\"swiper-slide-inner\"><img decoding=\"async\" class=\"swiper-slide-image\" src=\"https:\/\/inclusionsinlimitaciones.cl\/wp-content\/uploads\/2023\/02\/p2-444x222.jpg\" alt=\"p2\" \/><\/figure><\/div>\t\t\t<\/div>\n\t\t\t\t\t<\/div>\n\t\t\t\t\t\t<\/div>\n\t\t\t\t<\/div>\n\t\t\t\t<div class=\"elementor-element elementor-element-ab6ce78 elementor-widget elementor-widget-text-editor\" data-id=\"ab6ce78\" data-element_type=\"widget\" data-widget_type=\"text-editor.default\">\n\t\t\t\t<div class=\"elementor-widget-container\">\n\t\t\t\t\t\t\t\t\t<p style=\"text-align: justify;\"><span style=\"font-size: 16px; white-space: pre-wrap;\"><b>Sus resultados fueron:<\/b><\/span><\/p><p style=\"text-align: justify;\"><span style=\"font-size: 16px; white-space: pre-wrap;\"><b>\u2022 34 personas en situaci\u00f3n de discapacidad intelectual participaron en talleres de capacitaci\u00f3n modalidad accesible y logran acceder a compartir sus experiencias y reforzar conocimientos y avanzar hacia procesos de convertirse en voceros de autocuidado.<\/b><\/span><\/p><p style=\"text-align: justify;\"><span style=\"font-size: 16px; white-space: pre-wrap;\"><b>\u2022 2 c\u00e1psulas con accesibilidad cognitiva elaborado por los propios j\u00f3venes sobre cuidado y autocuidado post COVID-19.<\/b><\/span><\/p>\t\t\t\t\t\t\t\t<\/div>\n\t\t\t\t<\/div>\n\t\t\t\t\t<\/div>\n\t\t<\/div>\n\t\t\t\t\t<\/div>\n\t\t<\/section>\n\t\t\t\t<\/div>\n\t\t","protected":false},"excerpt":{"rendered":"<p>FONDO FOMENTO DE FORTALECIMIENTO DE LAS ORGANIZACIONES DE INTER\u00c9S P\u00daBLICO (FFOIP) 2021 El Ministerio Secretar\u00eda General de Gobierno (SEGEGOB), convoc\u00f3 al Concurso: Fondo de Fortalecimiento de las Organizaciones de Inter\u00e9s P\u00fablico (FFOIP) en el a\u00f1o 2021, Corporaci\u00f3n Apertura para el Ma\u00f1ana fue seleccionada y adjudicada de este fondo. La tem\u00e1tica del proyecto se enmarc\u00f3, en &hellip; <a href=\"https:\/\/inclusionsinlimitaciones.cl\/index.php\/pc2\/\" class=\"more-link\">Continue reading <span class=\"screen-reader-text\">Proyecto Cerrado N\u00b02<\/span><\/a><\/p>\n","protected":false},"author":1,"featured_media":4928,"parent":0,"menu_order":0,"comment_status":"closed","ping_status":"closed","template":"","meta":{"footnotes":""},"class_list":["post-6058","page","type-page","status-publish","has-post-thumbnail","hentry"],"_links":{"self":[{"href":"https:\/\/inclusionsinlimitaciones.cl\/index.php\/wp-json\/wp\/v2\/pages\/6058","targetHints":{"allow":["GET"]}}],"collection":[{"href":"https:\/\/inclusionsinlimitaciones.cl\/index.php\/wp-json\/wp\/v2\/pages"}],"about":[{"href":"https:\/\/inclusionsinlimitaciones.cl\/index.php\/wp-json\/wp\/v2\/types\/page"}],"author":[{"embeddable":true,"href":"https:\/\/inclusionsinlimitaciones.cl\/index.php\/wp-json\/wp\/v2\/users\/1"}],"replies":[{"embeddable":true,"href":"https:\/\/inclusionsinlimitaciones.cl\/index.php\/wp-json\/wp\/v2\/comments?post=6058"}],"version-history":[{"count":19,"href":"https:\/\/inclusionsinlimitaciones.cl\/index.php\/wp-json\/wp\/v2\/pages\/6058\/revisions"}],"predecessor-version":[{"id":6078,"href":"https:\/\/inclusionsinlimitaciones.cl\/index.php\/wp-json\/wp\/v2\/pages\/6058\/revisions\/6078"}],"wp:featuredmedia":[{"embeddable":true,"href":"https:\/\/inclusionsinlimitaciones.cl\/index.php\/wp-json\/wp\/v2\/media\/4928"}],"wp:attachment":[{"href":"https:\/\/inclusionsinlimitaciones.cl\/index.php\/wp-json\/wp\/v2\/media?parent=6058"}],"curies":[{"name":"wp","href":"https:\/\/api.w.org\/{rel}","templated":true}]}}