{"id":3429,"date":"2022-05-18T19:22:42","date_gmt":"2022-05-18T19:22:42","guid":{"rendered":"https:\/\/inclusionsinlimitaciones.cl\/?page_id=3429"},"modified":"2023-06-14T16:17:43","modified_gmt":"2023-06-14T16:17:43","slug":"empresas","status":"publish","type":"page","link":"https:\/\/inclusionsinlimitaciones.cl\/index.php\/alianzas\/empresas\/","title":{"rendered":"Empresas"},"content":{"rendered":"\t\t<div data-elementor-type=\"wp-page\" data-elementor-id=\"3429\" class=\"elementor elementor-3429\">\n\t\t\t\t\t\t<section class=\"elementor-section elementor-top-section elementor-element elementor-element-593f186 elementor-section-full_width elementor-section-content-space-between color elementor-section-height-default elementor-section-height-default elementor-invisible\" data-id=\"593f186\" data-element_type=\"section\" data-settings=\"{&quot;animation&quot;:&quot;fadeInUp&quot;}\">\n\t\t\t\t\t\t<div class=\"elementor-container elementor-column-gap-default\">\n\t\t\t\t\t<div class=\"elementor-column elementor-col-100 elementor-top-column elementor-element elementor-element-5955e26\" data-id=\"5955e26\" data-element_type=\"column\">\n\t\t\t<div class=\"elementor-widget-wrap elementor-element-populated\">\n\t\t\t\t\t\t<div class=\"elementor-element elementor-element-8b17fbe elementor-widget elementor-widget-text-editor\" data-id=\"8b17fbe\" data-element_type=\"widget\" data-widget_type=\"text-editor.default\">\n\t\t\t\t<div class=\"elementor-widget-container\">\n\t\t\t\t\t\t\t\t\t<p><span style=\"color: #000000;\">Tenemos la convicci\u00f3n que las organizaciones de la sociedad civil tenemos mucho que aportar en\u00a0<span style=\"font-size: 17px; background-color: var( --e-global-color-secondary );\">las transformaciones culturales que exige el horizonte de la inclusi\u00f3n laboral. A su vez las\u00a0<\/span><span style=\"font-size: 17px; background-color: var( --e-global-color-secondary );\">empresas tienen mucho que avanzar en esta materia.\u00a0<\/span><span style=\"font-size: 17px; background-color: var( --e-global-color-secondary );\">Las empresas consideran cada vez m\u00e1s la diversidad y la inclusi\u00f3n laboral como una fuente de\u00a0<\/span><span style=\"font-size: 17px; background-color: var( --e-global-color-secondary );\">ventaja competitiva, adem\u00e1s de un factor clave para el crecimiento. Pese a esto, contin\u00faa siendo\u00a0<\/span><span style=\"font-size: 17px; background-color: var( --e-global-color-secondary );\">esquiva la inclusi\u00f3n laboral de personas con discapacidad intelectual, ya que muchas compa\u00f1\u00edas\u00a0<\/span><span style=\"font-size: 17px; background-color: var( --e-global-color-secondary );\">no conocen sus beneficios, ni c\u00f3mo implementar un plan de trabajo de manera correcta para\u00a0<\/span><span style=\"font-size: 17px; background-color: var( --e-global-color-secondary );\">respaldar sus objetivos de crecimiento y creaci\u00f3n de valor. T\u00fa, como empresa, puedes contribuir a\u00a0<\/span><span style=\"font-size: 17px; background-color: var( --e-global-color-secondary );\">que las personas con discapacidad intelectual tengan mayores posibilidades de acceder a un\u00a0<\/span><span style=\"font-size: 17px; background-color: var( --e-global-color-secondary );\">empleo y con ello agregar valor simb\u00f3lico a tu empresa.<\/span><\/span><\/p><p><span style=\"color: #000000;\">Nuestra Corporaci\u00f3n como resultado de un riguroso proceso de calificaci\u00f3n fue incorporada al\u00a0<span style=\"font-size: 17px; background-color: var( --e-global-color-secondary );\">registro de donatarios de la Ley de inclusi\u00f3n laboral 21.015 administrado por el Ministerio de\u00a0<\/span><span style=\"font-size: 17px; background-color: var( --e-global-color-secondary );\">Desarrollo Social, donde formamos parte del Banco de Proyectos con la iniciativa folio N\u00b0836\u00a0<\/span><span style=\"font-size: 17px; background-color: var( --e-global-color-secondary );\">\u201cTransformaci\u00f3n Social e inclusi\u00f3n Laboral: Programa de capacitaci\u00f3n e inserci\u00f3n laboral de\u00a0<\/span><span style=\"font-size: 17px; background-color: var( --e-global-color-secondary );\">personas con S\u00edndrome de Down y otras discapacidades intelectuales\u201d vigente hasta el 2025. Y\u00a0<\/span><span style=\"font-size: 17px; background-color: var( --e-global-color-secondary );\">acreditados para recibir aportes por ley de donaciones sociales (19.885).<\/span><\/span><\/p>\t\t\t\t\t\t\t\t<\/div>\n\t\t\t\t<\/div>\n\t\t\t\t\t<\/div>\n\t\t<\/div>\n\t\t\t\t\t<\/div>\n\t\t<\/section>\n\t\t\t\t<section class=\"elementor-section elementor-top-section elementor-element elementor-element-ea2b829 elementor-section-boxed elementor-section-height-default elementor-section-height-default\" data-id=\"ea2b829\" data-element_type=\"section\">\n\t\t\t\t\t\t<div class=\"elementor-container elementor-column-gap-default\">\n\t\t\t\t\t<div class=\"elementor-column elementor-col-100 elementor-top-column elementor-element elementor-element-2173ac5\" data-id=\"2173ac5\" data-element_type=\"column\">\n\t\t\t<div class=\"elementor-widget-wrap\">\n\t\t\t\t\t\t\t<\/div>\n\t\t<\/div>\n\t\t\t\t\t<\/div>\n\t\t<\/section>\n\t\t\t\t<section class=\"elementor-section elementor-top-section elementor-element elementor-element-2b7770ec elementor-section-boxed elementor-section-height-default elementor-section-height-default\" data-id=\"2b7770ec\" data-element_type=\"section\">\n\t\t\t\t\t\t<div class=\"elementor-container elementor-column-gap-default\">\n\t\t\t\t\t<div class=\"elementor-column elementor-col-100 elementor-top-column elementor-element elementor-element-1aa04486\" data-id=\"1aa04486\" data-element_type=\"column\">\n\t\t\t<div class=\"elementor-widget-wrap elementor-element-populated\">\n\t\t\t\t\t\t<div class=\"elementor-element elementor-element-d5950a2 elementor-arrows-position-outside elementor-pagination-position-outside elementor-widget elementor-widget-image-carousel\" data-id=\"d5950a2\" data-element_type=\"widget\" data-settings=\"{&quot;image_spacing_custom&quot;:{&quot;unit&quot;:&quot;px&quot;,&quot;size&quot;:0,&quot;sizes&quot;:[]},&quot;navigation&quot;:&quot;both&quot;,&quot;autoplay&quot;:&quot;yes&quot;,&quot;pause_on_hover&quot;:&quot;yes&quot;,&quot;pause_on_interaction&quot;:&quot;yes&quot;,&quot;autoplay_speed&quot;:5000,&quot;infinite&quot;:&quot;yes&quot;,&quot;speed&quot;:500,&quot;image_spacing_custom_tablet&quot;:{&quot;unit&quot;:&quot;px&quot;,&quot;size&quot;:&quot;&quot;,&quot;sizes&quot;:[]},&quot;image_spacing_custom_mobile&quot;:{&quot;unit&quot;:&quot;px&quot;,&quot;size&quot;:&quot;&quot;,&quot;sizes&quot;:[]}}\" data-widget_type=\"image-carousel.default\">\n\t\t\t\t<div class=\"elementor-widget-container\">\n\t\t\t\t\t\t\t<div class=\"elementor-image-carousel-wrapper swiper\" role=\"region\" aria-roledescription=\"carousel\" aria-label=\"Carrusel de im\u00e1genes\" dir=\"ltr\">\n\t\t\t<div class=\"elementor-image-carousel swiper-wrapper\" aria-live=\"off\">\n\t\t\t\t\t\t\t\t<div class=\"swiper-slide\" role=\"group\" aria-roledescription=\"slide\" aria-label=\"1 de 10\"><figure class=\"swiper-slide-inner\"><img decoding=\"async\" class=\"swiper-slide-image\" src=\"https:\/\/inclusionsinlimitaciones.cl\/wp-content\/uploads\/2023\/06\/foto_7.jpg\" alt=\"foto_7\" \/><\/figure><\/div><div class=\"swiper-slide\" role=\"group\" aria-roledescription=\"slide\" aria-label=\"2 de 10\"><figure class=\"swiper-slide-inner\"><img decoding=\"async\" class=\"swiper-slide-image\" src=\"https:\/\/inclusionsinlimitaciones.cl\/wp-content\/uploads\/2022\/06\/logos_1-1.jpg\" alt=\"logos_1\" \/><\/figure><\/div><div class=\"swiper-slide\" role=\"group\" aria-roledescription=\"slide\" aria-label=\"3 de 10\"><figure class=\"swiper-slide-inner\"><img decoding=\"async\" class=\"swiper-slide-image\" src=\"https:\/\/inclusionsinlimitaciones.cl\/wp-content\/uploads\/2022\/06\/logos_2.jpg\" alt=\"logos_2\" \/><\/figure><\/div><div class=\"swiper-slide\" role=\"group\" aria-roledescription=\"slide\" aria-label=\"4 de 10\"><figure class=\"swiper-slide-inner\"><img decoding=\"async\" class=\"swiper-slide-image\" src=\"https:\/\/inclusionsinlimitaciones.cl\/wp-content\/uploads\/2023\/06\/foto_10.jpg\" alt=\"foto_10\" \/><\/figure><\/div><div class=\"swiper-slide\" role=\"group\" aria-roledescription=\"slide\" aria-label=\"5 de 10\"><figure class=\"swiper-slide-inner\"><img decoding=\"async\" class=\"swiper-slide-image\" src=\"https:\/\/inclusionsinlimitaciones.cl\/wp-content\/uploads\/2022\/11\/logo_la_finca.jpg\" alt=\"logo_la_finca\" \/><\/figure><\/div><div class=\"swiper-slide\" role=\"group\" aria-roledescription=\"slide\" aria-label=\"6 de 10\"><figure class=\"swiper-slide-inner\"><img decoding=\"async\" class=\"swiper-slide-image\" src=\"https:\/\/inclusionsinlimitaciones.cl\/wp-content\/uploads\/2023\/06\/foto_8.jpg\" alt=\"foto_8\" \/><\/figure><\/div><div class=\"swiper-slide\" role=\"group\" aria-roledescription=\"slide\" aria-label=\"7 de 10\"><figure class=\"swiper-slide-inner\"><img decoding=\"async\" class=\"swiper-slide-image\" src=\"https:\/\/inclusionsinlimitaciones.cl\/wp-content\/uploads\/2022\/06\/logos_4.jpg\" alt=\"logos_4\" \/><\/figure><\/div><div class=\"swiper-slide\" role=\"group\" aria-roledescription=\"slide\" aria-label=\"8 de 10\"><figure class=\"swiper-slide-inner\"><img decoding=\"async\" class=\"swiper-slide-image\" src=\"https:\/\/inclusionsinlimitaciones.cl\/wp-content\/uploads\/2022\/06\/logos_5.jpg\" alt=\"logos_5\" \/><\/figure><\/div><div class=\"swiper-slide\" role=\"group\" aria-roledescription=\"slide\" aria-label=\"9 de 10\"><figure class=\"swiper-slide-inner\"><img decoding=\"async\" class=\"swiper-slide-image\" src=\"https:\/\/inclusionsinlimitaciones.cl\/wp-content\/uploads\/2022\/06\/logos_6.jpg\" alt=\"logos_6\" \/><\/figure><\/div><div class=\"swiper-slide\" role=\"group\" aria-roledescription=\"slide\" aria-label=\"10 de 10\"><figure class=\"swiper-slide-inner\"><img decoding=\"async\" class=\"swiper-slide-image\" src=\"https:\/\/inclusionsinlimitaciones.cl\/wp-content\/uploads\/2023\/06\/foto_9.jpg\" alt=\"foto_9\" \/><\/figure><\/div>\t\t\t<\/div>\n\t\t\t\t\t\t\t\t\t\t\t\t<div class=\"elementor-swiper-button elementor-swiper-button-prev\" role=\"button\" tabindex=\"0\">\n\t\t\t\t\t\t<i aria-hidden=\"true\" class=\"eicon-chevron-left\"><\/i>\t\t\t\t\t<\/div>\n\t\t\t\t\t<div class=\"elementor-swiper-button elementor-swiper-button-next\" role=\"button\" tabindex=\"0\">\n\t\t\t\t\t\t<i aria-hidden=\"true\" class=\"eicon-chevron-right\"><\/i>\t\t\t\t\t<\/div>\n\t\t\t\t\n\t\t\t\t\t\t\t\t\t<div class=\"swiper-pagination\"><\/div>\n\t\t\t\t\t\t\t\t\t<\/div>\n\t\t\t\t\t\t<\/div>\n\t\t\t\t<\/div>\n\t\t\t\t<div class=\"elementor-element elementor-element-295e6797 elementor-widget elementor-widget-text-editor\" data-id=\"295e6797\" data-element_type=\"widget\" data-widget_type=\"text-editor.default\">\n\t\t\t\t<div class=\"elementor-widget-container\">\n\t\t\t\t\t\t\t\t\t<p>Nuestra Corporaci\u00f3n como resultado de un riguroso proceso de calificaci\u00f3n fue incorporada al\u00a0<span style=\"font-size: 17px; background-color: var( --e-global-color-secondary );\">registro de donatarios de la Ley de inclusi\u00f3n laboral 21.015 administrado por el Ministerio de\u00a0<\/span><span style=\"font-size: 17px; background-color: var( --e-global-color-secondary );\">Desarrollo Social, donde formamos parte del Banco de Proyectos con la iniciativa folio N\u00b0836\u00a0<\/span><span style=\"font-size: 17px; background-color: var( --e-global-color-secondary );\">\u201cTransformaci\u00f3n Social e inclusi\u00f3n Laboral: Programa de capacitaci\u00f3n e inserci\u00f3n laboral de\u00a0<\/span><span style=\"font-size: 17px; background-color: var( --e-global-color-secondary );\">personas con S\u00edndrome de Down y otras discapacidades intelectuales\u201d vigente hasta el 2025. Y\u00a0<\/span><span style=\"font-size: 17px; background-color: var( --e-global-color-secondary );\">acreditados para recibir aportes por ley de donaciones sociales (19.885).<\/span><\/p><p>Nuestros servicios y productos:<\/p><p>a) Asesor\u00eda en tem\u00e1ticas de inclusi\u00f3n laboral y cumplimiento de ley 21.015.<\/p><p>b) Implementaci\u00f3n de procesos de intermediaci\u00f3n laboral (colocaci\u00f3n y seguimiento)<\/p><p>c) Servicio de catering inclusivo<\/p><p>c) Venta de productos de reposter\u00eda y Caf\u00e9 de grano ar\u00e1bico de alta calidad<\/p><p>d) Regalos corporativos y personalizados con sentido.<\/p>\t\t\t\t\t\t\t\t<\/div>\n\t\t\t\t<\/div>\n\t\t\t\t\t<\/div>\n\t\t<\/div>\n\t\t\t\t\t<\/div>\n\t\t<\/section>\n\t\t\t\t<\/div>\n\t\t","protected":false},"excerpt":{"rendered":"<p>Tenemos la convicci\u00f3n que las organizaciones de la sociedad civil tenemos mucho que aportar en\u00a0las transformaciones culturales que exige el horizonte de la inclusi\u00f3n laboral. A su vez las\u00a0empresas tienen mucho que avanzar en esta materia.\u00a0Las empresas consideran cada vez m\u00e1s la diversidad y la inclusi\u00f3n laboral como una fuente de\u00a0ventaja competitiva, adem\u00e1s de un &hellip; <a href=\"https:\/\/inclusionsinlimitaciones.cl\/index.php\/alianzas\/empresas\/\" class=\"more-link\">Continue reading <span class=\"screen-reader-text\">Empresas<\/span><\/a><\/p>\n","protected":false},"author":1,"featured_media":3812,"parent":3427,"menu_order":1,"comment_status":"closed","ping_status":"closed","template":"elementor_theme","meta":{"footnotes":""},"class_list":["post-3429","page","type-page","status-publish","has-post-thumbnail","hentry"],"_links":{"self":[{"href":"https:\/\/inclusionsinlimitaciones.cl\/index.php\/wp-json\/wp\/v2\/pages\/3429","targetHints":{"allow":["GET"]}}],"collection":[{"href":"https:\/\/inclusionsinlimitaciones.cl\/index.php\/wp-json\/wp\/v2\/pages"}],"about":[{"href":"https:\/\/inclusionsinlimitaciones.cl\/index.php\/wp-json\/wp\/v2\/types\/page"}],"author":[{"embeddable":true,"href":"https:\/\/inclusionsinlimitaciones.cl\/index.php\/wp-json\/wp\/v2\/users\/1"}],"replies":[{"embeddable":true,"href":"https:\/\/inclusionsinlimitaciones.cl\/index.php\/wp-json\/wp\/v2\/comments?post=3429"}],"version-history":[{"count":91,"href":"https:\/\/inclusionsinlimitaciones.cl\/index.php\/wp-json\/wp\/v2\/pages\/3429\/revisions"}],"predecessor-version":[{"id":6373,"href":"https:\/\/inclusionsinlimitaciones.cl\/index.php\/wp-json\/wp\/v2\/pages\/3429\/revisions\/6373"}],"up":[{"embeddable":true,"href":"https:\/\/inclusionsinlimitaciones.cl\/index.php\/wp-json\/wp\/v2\/pages\/3427"}],"wp:featuredmedia":[{"embeddable":true,"href":"https:\/\/inclusionsinlimitaciones.cl\/index.php\/wp-json\/wp\/v2\/media\/3812"}],"wp:attachment":[{"href":"https:\/\/inclusionsinlimitaciones.cl\/index.php\/wp-json\/wp\/v2\/media?parent=3429"}],"curies":[{"name":"wp","href":"https:\/\/api.w.org\/{rel}","templated":true}]}}